{"id":31440,"date":"2024-07-10T15:38:37","date_gmt":"2024-07-10T13:38:37","guid":{"rendered":"https:\/\/imagineformargo.org\/?page_id=31440"},"modified":"2024-07-10T15:38:37","modified_gmt":"2024-07-10T13:38:37","slug":"programme-alarm-3-sur-les-leucemies-myeloides-aigues","status":"publish","type":"page","link":"https:\/\/imagineformargo.org\/en\/programme-alarm-3-sur-les-leucemies-myeloides-aigues\/","title":{"rendered":"Programme ALARM 3 sur les leuc\u00e9mies my\u00e9lo\u00efdes aig\u00fces"},"content":{"rendered":"<p><em><strong><img loading=\"lazy\" decoding=\"async\" class=\"wp-image-11664 alignleft\" src=\"https:\/\/imagineformargo.org\/wp-content\/uploads\/RECHERCHE.png\" alt=\"RECHERCHE\" width=\"200\" height=\"200\" srcset=\"https:\/\/imagineformargo.org\/wp-content\/uploads\/RECHERCHE.png 2421w, https:\/\/imagineformargo.org\/wp-content\/uploads\/RECHERCHE-768x768.png 768w\" sizes=\"auto, (max-width: 200px) 100vw, 200px\" \/><\/strong><\/em><span style=\"color: #11a2dd\">ACUTE MYELOI LEUKEMIA\u00a0<\/span><\/p>\n<p><em>Acute myeloid Leukemia At Relapse in children and teenager: Molecular profiling, Multidrug testing and MSC interaction studies<\/em><\/p>\n<p><em>This program is co-funded by the Enfants sans Cancer 2020 race and was selected following the Fight Kids Cancer call for projects that we launched in January 2020.\u00a0 <a href=\"https:\/\/imagineformargo.org\/fightkidscancersixprogrammexderecherchedepointeselectionnes\/\">Learn more<\/a><\/em><\/p>\n<p>&nbsp;<\/p>\n<p><strong>About Myeloid Leukemias<\/strong><\/p>\n<p>Acute myeloid leukemia (AML) is a cancer of the blood and bone marrow. AML is the second most common leukemia in children, after acute lymphoblastic leukemia (ALL). Each year, around 80 children in France are diagnosed with AML. The incidence of AML in children is highest during the first two years of life and during adolescence.<\/p>\n<p>Although more than 90% of children achieve complete remission, the relapse rate in the first complete remission remains high (40 to 50%), despite advances in understanding tumor mechanisms, risk stratification, and improvements in intensive chemotherapy and bone marrow transplantation. The overall risk of relapse remains the most common cause of death.<\/p>\n<p>Learn more about leukemias: <a href=\"https:\/\/imagineformargo.org\/quest-ce-quune-leucemie\/\" target=\"_blank\" rel=\"noopener\">link<\/a><\/p>\n<h3><\/h3>\n<p><strong>About the CONECT-AML Project<\/strong><\/p>\n<p>CONECT-AML (Collaborative Network on Research for Children and Teenagers with Acute Myeloid Leukemia) is a collaborative network comprising several French research teams. Together, they strive to find better ways to detect and treat acute myeloid leukemia (AML) in children and adolescents. This project is an integral part of the Integrated Research Actions Program (PAIR) in pediatric oncology, driven by the INCa (French National Cancer Institute) and in close collaboration with the French Society for the Fight Against Childhood and Adolescent Cancers and Leukemias (SFCE). ALARM 3 is one of the 13 research projects launched by the CONECT-AML collective.<\/p>\n<h3><\/h3>\n<p><strong>About ALARM 3<\/strong><\/p>\n<p>The ALARM3 protocol is a clinical research project aimed at better understanding the mechanisms involved in the relapse and resistance of pediatric acute myeloid leukemia. This project develops three research axes:<\/p>\n<ol>\n<li>Genomic characterization of leukemic cells and mesenchymal stem cells at initial diagnosis and relapse. Mesenchymal cells are found in the bone marrow and are also stem cells that can differentiate into several other tissues (bone, cartilage, muscle, fat, and fibroblasts).<\/li>\n<li>Comparison of drug sensitivity between initial diagnosis and relapse through ex vivo drug sensitivity tests.<\/li>\n<li>Identification of new prognostic markers capable of better identifying patients at high risk of relapse.<\/li>\n<\/ol>\n<p>This protocol is open in the 29 pediatric hematology centers affiliated with the SFCE, and a partnership was signed with the AP-HP (Assistance Publique \u2013 H\u00f4pitaux de Paris) in 2023. All studies conducted on patient samples, as well as on cultured cells and PDx mouse models, are ongoing and should help identify the biological mechanisms involved in relapsed AML forms.<\/p>\n<p>&nbsp;<\/p>\n<p><strong>Project Summary:<\/strong><\/p>\n<ul>\n<li>Coordinating Investigators: Drs. Arnaud Petit &amp; Audrey Guilmatre<\/li>\n<li>Program Duration: January 2021 &#8211; January 2025<\/li>\n<li>Number of Patients: 70<\/li>\n<li>Countries Involved: France (various research centers in Paris, Lille, Lyon)<\/li>\n<li>Funding: Fight Kids Cancer: \u20ac499,400, including funding from Imagine for Margo: \u20ac239,448<\/li>\n<\/ul>\n<p><img loading=\"lazy\" decoding=\"async\" class=\"alignnone wp-image-23151\" src=\"https:\/\/imagineformargo.org\/wp-content\/uploads\/sorbonne.png\" alt=\"\" width=\"129\" height=\"60\" srcset=\"https:\/\/imagineformargo.org\/wp-content\/uploads\/sorbonne.png 730w, https:\/\/imagineformargo.org\/wp-content\/uploads\/sorbonne-1440x665.png 1440w, https:\/\/imagineformargo.org\/wp-content\/uploads\/sorbonne-215x100.png 215w, https:\/\/imagineformargo.org\/wp-content\/uploads\/sorbonne-400x186.png 400w\" sizes=\"auto, (max-width: 129px) 100vw, 129px\" \/>\u00a0<img loading=\"lazy\" decoding=\"async\" class=\"alignnone wp-image-23229\" src=\"https:\/\/imagineformargo.org\/wp-content\/uploads\/logo_sorbonne_hopital-armand-trousseau-e1597068272252.png\" alt=\"\" width=\"163\" height=\"65\" \/><img loading=\"lazy\" decoding=\"async\" class=\"size-full wp-image-23231 alignnone\" src=\"https:\/\/imagineformargo.org\/wp-content\/uploads\/logo-curamus_v3-e1597068308663.jpg\" alt=\"\" width=\"150\" height=\"45\" \/>\u00a0\u00a0<img loading=\"lazy\" decoding=\"async\" class=\"alignnone wp-image-23234 \" src=\"https:\/\/imagineformargo.org\/wp-content\/uploads\/c-aml_coul_vertical_maitre.jpg\" alt=\"\" width=\"191\" height=\"50\" \/><\/p>\n<div class=\"media--video-embed\"><div class=\"media--video-embed\"><iframe loading=\"lazy\" title=\"Le Professeur Arnaud Petit explique le programme ALARM3\" width=\"500\" height=\"375\" src=\"https:\/\/www.youtube.com\/embed\/owMz7SclQbg?feature=oembed\" frameborder=\"0\" allow=\"accelerometer; autoplay; clipboard-write; encrypted-media; gyroscope; picture-in-picture; web-share\" referrerpolicy=\"strict-origin-when-cross-origin\" allowfullscreen><\/iframe><\/div><\/div>\n<p>&nbsp;<\/p>\n<h3 style=\"text-align: center\"><a href=\"https:\/\/imagineformargo.org\/la-recherche\/\"><strong>D\u00e9couvrez les autres essais que nous co-finan\u00e7ons pour acc\u00e9l\u00e9rer la recherche contre le cancer des enfants.<\/strong><\/a><\/h3>\n","protected":false},"excerpt":{"rendered":"<p>ACUTE MYELOI LEUKEMIA\u00a0 Acute myeloid Leukemia At Relapse in children and teenager: Molecular profiling, Multidrug testing and MSC interaction studies This program is co-funded by the Enfants sans Cancer 2020 race and was selected following the Fight Kids Cancer call for projects that we launched in January 2020.\u00a0 Learn more &nbsp; About Myeloid Leukemias Acute [&hellip;]<\/p>\n","protected":false},"author":20,"featured_media":0,"parent":0,"menu_order":0,"comment_status":"closed","ping_status":"closed","template":"","meta":{"_acf_changed":false,"footnotes":""},"class_list":["post-31440","page","type-page","status-publish","hentry"],"acf":[],"yoast_head":"<!-- This site is optimized with the Yoast SEO plugin v27.2 - https:\/\/yoast.com\/product\/yoast-seo-wordpress\/ -->\n<title>Programme ALARM 3 sur les leuc\u00e9mies my\u00e9lo\u00efdes aig\u00fces - Imagine for Margo<\/title>\n<meta name=\"robots\" content=\"index, follow, max-snippet:-1, max-image-preview:large, max-video-preview:-1\" \/>\n<link rel=\"canonical\" href=\"https:\/\/imagineformargo.org\/en\/programme-alarm-3-sur-les-leucemies-myeloides-aigues\/\" \/>\n<meta property=\"og:locale\" content=\"en_US\" \/>\n<meta property=\"og:type\" content=\"article\" \/>\n<meta property=\"og:title\" content=\"Programme ALARM 3 sur les leuc\u00e9mies my\u00e9lo\u00efdes aig\u00fces - Imagine for Margo\" \/>\n<meta property=\"og:description\" content=\"ACUTE MYELOI LEUKEMIA\u00a0 Acute myeloid Leukemia At Relapse in children and teenager: Molecular profiling, Multidrug testing and MSC interaction studies This program is co-funded by the Enfants sans Cancer 2020 race and was selected following the Fight Kids Cancer call for projects that we launched in January 2020.\u00a0 Learn more &nbsp; About Myeloid Leukemias Acute [&hellip;]\" \/>\n<meta property=\"og:url\" content=\"https:\/\/imagineformargo.org\/en\/programme-alarm-3-sur-les-leucemies-myeloides-aigues\/\" \/>\n<meta property=\"og:site_name\" content=\"Imagine for Margo\" \/>\n<meta property=\"article:publisher\" content=\"https:\/\/www.facebook.com\/imagine.for.margo\/\" \/>\n<meta property=\"og:image\" content=\"https:\/\/imagineformargo.org\/wp-content\/uploads\/RECHERCHE.png\" \/>\n<meta name=\"twitter:card\" content=\"summary_large_image\" \/>\n<meta name=\"twitter:site\" content=\"@ImagineforMargo\" \/>\n<meta name=\"twitter:label1\" content=\"Est. reading time\" \/>\n\t<meta name=\"twitter:data1\" content=\"4 minutes\" \/>\n<script type=\"application\/ld+json\" class=\"yoast-schema-graph\">{\"@context\":\"https:\/\/schema.org\",\"@graph\":[{\"@type\":\"WebPage\",\"@id\":\"https:\/\/imagineformargo.org\/en\/programme-alarm-3-sur-les-leucemies-myeloides-aigues\/\",\"url\":\"https:\/\/imagineformargo.org\/en\/programme-alarm-3-sur-les-leucemies-myeloides-aigues\/\",\"name\":\"Programme ALARM 3 sur les leuc\u00e9mies my\u00e9lo\u00efdes aig\u00fces - Imagine for Margo\",\"isPartOf\":{\"@id\":\"https:\/\/imagineformargo.org\/#website\"},\"primaryImageOfPage\":{\"@id\":\"https:\/\/imagineformargo.org\/en\/programme-alarm-3-sur-les-leucemies-myeloides-aigues\/#primaryimage\"},\"image\":{\"@id\":\"https:\/\/imagineformargo.org\/en\/programme-alarm-3-sur-les-leucemies-myeloides-aigues\/#primaryimage\"},\"thumbnailUrl\":\"https:\/\/imagineformargo.org\/wp-content\/uploads\/RECHERCHE.png\",\"datePublished\":\"2024-07-10T13:38:37+00:00\",\"breadcrumb\":{\"@id\":\"https:\/\/imagineformargo.org\/en\/programme-alarm-3-sur-les-leucemies-myeloides-aigues\/#breadcrumb\"},\"inLanguage\":\"en-US\",\"potentialAction\":[{\"@type\":\"ReadAction\",\"target\":[\"https:\/\/imagineformargo.org\/en\/programme-alarm-3-sur-les-leucemies-myeloides-aigues\/\"]}]},{\"@type\":\"ImageObject\",\"inLanguage\":\"en-US\",\"@id\":\"https:\/\/imagineformargo.org\/en\/programme-alarm-3-sur-les-leucemies-myeloides-aigues\/#primaryimage\",\"url\":\"https:\/\/imagineformargo.org\/wp-content\/uploads\/RECHERCHE.png\",\"contentUrl\":\"https:\/\/imagineformargo.org\/wp-content\/uploads\/RECHERCHE.png\"},{\"@type\":\"BreadcrumbList\",\"@id\":\"https:\/\/imagineformargo.org\/en\/programme-alarm-3-sur-les-leucemies-myeloides-aigues\/#breadcrumb\",\"itemListElement\":[{\"@type\":\"ListItem\",\"position\":1,\"name\":\"Accueil\",\"item\":\"https:\/\/imagineformargo.org\/en\/\"},{\"@type\":\"ListItem\",\"position\":2,\"name\":\"Programme ALARM 3 sur les leuc\u00e9mies my\u00e9lo\u00efdes aig\u00fces\"}]},{\"@type\":\"WebSite\",\"@id\":\"https:\/\/imagineformargo.org\/#website\",\"url\":\"https:\/\/imagineformargo.org\/\",\"name\":\"Imagine for Margo\",\"description\":\"Children without Cancer\",\"publisher\":{\"@id\":\"https:\/\/imagineformargo.org\/#organization\"},\"potentialAction\":[{\"@type\":\"SearchAction\",\"target\":{\"@type\":\"EntryPoint\",\"urlTemplate\":\"https:\/\/imagineformargo.org\/?s={search_term_string}\"},\"query-input\":{\"@type\":\"PropertyValueSpecification\",\"valueRequired\":true,\"valueName\":\"search_term_string\"}}],\"inLanguage\":\"en-US\"},{\"@type\":\"Organization\",\"@id\":\"https:\/\/imagineformargo.org\/#organization\",\"name\":\"Imagine for Margo\",\"url\":\"https:\/\/imagineformargo.org\/\",\"logo\":{\"@type\":\"ImageObject\",\"inLanguage\":\"en-US\",\"@id\":\"https:\/\/imagineformargo.org\/#\/schema\/logo\/image\/\",\"url\":\"https:\/\/imagineformargo.org\/wp-content\/uploads\/logo-imagine-for-margo-long.png\",\"contentUrl\":\"https:\/\/imagineformargo.org\/wp-content\/uploads\/logo-imagine-for-margo-long.png\",\"width\":1911,\"height\":623,\"caption\":\"Imagine for Margo\"},\"image\":{\"@id\":\"https:\/\/imagineformargo.org\/#\/schema\/logo\/image\/\"},\"sameAs\":[\"https:\/\/www.facebook.com\/imagine.for.margo\/\",\"https:\/\/x.com\/ImagineforMargo\",\"https:\/\/www.instagram.com\/imagineformargo_officiel\/\",\"https:\/\/www.linkedin.com\/company\/imagine-for-margo\/\",\"https:\/\/www.youtube.com\/@imagineformargo2352\",\"https:\/\/www.tiktok.com\/@imagine_for_margo\"]}]}<\/script>\n<!-- \/ Yoast SEO plugin. -->","yoast_head_json":{"title":"Programme ALARM 3 sur les leuc\u00e9mies my\u00e9lo\u00efdes aig\u00fces - Imagine for Margo","robots":{"index":"index","follow":"follow","max-snippet":"max-snippet:-1","max-image-preview":"max-image-preview:large","max-video-preview":"max-video-preview:-1"},"canonical":"https:\/\/imagineformargo.org\/en\/programme-alarm-3-sur-les-leucemies-myeloides-aigues\/","og_locale":"en_US","og_type":"article","og_title":"Programme ALARM 3 sur les leuc\u00e9mies my\u00e9lo\u00efdes aig\u00fces - Imagine for Margo","og_description":"ACUTE MYELOI LEUKEMIA\u00a0 Acute myeloid Leukemia At Relapse in children and teenager: Molecular profiling, Multidrug testing and MSC interaction studies This program is co-funded by the Enfants sans Cancer 2020 race and was selected following the Fight Kids Cancer call for projects that we launched in January 2020.\u00a0 Learn more &nbsp; About Myeloid Leukemias Acute [&hellip;]","og_url":"https:\/\/imagineformargo.org\/en\/programme-alarm-3-sur-les-leucemies-myeloides-aigues\/","og_site_name":"Imagine for Margo","article_publisher":"https:\/\/www.facebook.com\/imagine.for.margo\/","og_image":[{"url":"https:\/\/imagineformargo.org\/wp-content\/uploads\/RECHERCHE.png","type":"","width":"","height":""}],"twitter_card":"summary_large_image","twitter_site":"@ImagineforMargo","twitter_misc":{"Est. reading time":"4 minutes"},"schema":{"@context":"https:\/\/schema.org","@graph":[{"@type":"WebPage","@id":"https:\/\/imagineformargo.org\/en\/programme-alarm-3-sur-les-leucemies-myeloides-aigues\/","url":"https:\/\/imagineformargo.org\/en\/programme-alarm-3-sur-les-leucemies-myeloides-aigues\/","name":"Programme ALARM 3 sur les leuc\u00e9mies my\u00e9lo\u00efdes aig\u00fces - Imagine for Margo","isPartOf":{"@id":"https:\/\/imagineformargo.org\/#website"},"primaryImageOfPage":{"@id":"https:\/\/imagineformargo.org\/en\/programme-alarm-3-sur-les-leucemies-myeloides-aigues\/#primaryimage"},"image":{"@id":"https:\/\/imagineformargo.org\/en\/programme-alarm-3-sur-les-leucemies-myeloides-aigues\/#primaryimage"},"thumbnailUrl":"https:\/\/imagineformargo.org\/wp-content\/uploads\/RECHERCHE.png","datePublished":"2024-07-10T13:38:37+00:00","breadcrumb":{"@id":"https:\/\/imagineformargo.org\/en\/programme-alarm-3-sur-les-leucemies-myeloides-aigues\/#breadcrumb"},"inLanguage":"en-US","potentialAction":[{"@type":"ReadAction","target":["https:\/\/imagineformargo.org\/en\/programme-alarm-3-sur-les-leucemies-myeloides-aigues\/"]}]},{"@type":"ImageObject","inLanguage":"en-US","@id":"https:\/\/imagineformargo.org\/en\/programme-alarm-3-sur-les-leucemies-myeloides-aigues\/#primaryimage","url":"https:\/\/imagineformargo.org\/wp-content\/uploads\/RECHERCHE.png","contentUrl":"https:\/\/imagineformargo.org\/wp-content\/uploads\/RECHERCHE.png"},{"@type":"BreadcrumbList","@id":"https:\/\/imagineformargo.org\/en\/programme-alarm-3-sur-les-leucemies-myeloides-aigues\/#breadcrumb","itemListElement":[{"@type":"ListItem","position":1,"name":"Accueil","item":"https:\/\/imagineformargo.org\/en\/"},{"@type":"ListItem","position":2,"name":"Programme ALARM 3 sur les leuc\u00e9mies my\u00e9lo\u00efdes aig\u00fces"}]},{"@type":"WebSite","@id":"https:\/\/imagineformargo.org\/#website","url":"https:\/\/imagineformargo.org\/","name":"Imagine for Margo","description":"Children without Cancer","publisher":{"@id":"https:\/\/imagineformargo.org\/#organization"},"potentialAction":[{"@type":"SearchAction","target":{"@type":"EntryPoint","urlTemplate":"https:\/\/imagineformargo.org\/?s={search_term_string}"},"query-input":{"@type":"PropertyValueSpecification","valueRequired":true,"valueName":"search_term_string"}}],"inLanguage":"en-US"},{"@type":"Organization","@id":"https:\/\/imagineformargo.org\/#organization","name":"Imagine for Margo","url":"https:\/\/imagineformargo.org\/","logo":{"@type":"ImageObject","inLanguage":"en-US","@id":"https:\/\/imagineformargo.org\/#\/schema\/logo\/image\/","url":"https:\/\/imagineformargo.org\/wp-content\/uploads\/logo-imagine-for-margo-long.png","contentUrl":"https:\/\/imagineformargo.org\/wp-content\/uploads\/logo-imagine-for-margo-long.png","width":1911,"height":623,"caption":"Imagine for Margo"},"image":{"@id":"https:\/\/imagineformargo.org\/#\/schema\/logo\/image\/"},"sameAs":["https:\/\/www.facebook.com\/imagine.for.margo\/","https:\/\/x.com\/ImagineforMargo","https:\/\/www.instagram.com\/imagineformargo_officiel\/","https:\/\/www.linkedin.com\/company\/imagine-for-margo\/","https:\/\/www.youtube.com\/@imagineformargo2352","https:\/\/www.tiktok.com\/@imagine_for_margo"]}]}},"_links":{"self":[{"href":"https:\/\/imagineformargo.org\/en\/wp-json\/wp\/v2\/pages\/31440","targetHints":{"allow":["GET"]}}],"collection":[{"href":"https:\/\/imagineformargo.org\/en\/wp-json\/wp\/v2\/pages"}],"about":[{"href":"https:\/\/imagineformargo.org\/en\/wp-json\/wp\/v2\/types\/page"}],"author":[{"embeddable":true,"href":"https:\/\/imagineformargo.org\/en\/wp-json\/wp\/v2\/users\/20"}],"replies":[{"embeddable":true,"href":"https:\/\/imagineformargo.org\/en\/wp-json\/wp\/v2\/comments?post=31440"}],"version-history":[{"count":1,"href":"https:\/\/imagineformargo.org\/en\/wp-json\/wp\/v2\/pages\/31440\/revisions"}],"predecessor-version":[{"id":31441,"href":"https:\/\/imagineformargo.org\/en\/wp-json\/wp\/v2\/pages\/31440\/revisions\/31441"}],"wp:attachment":[{"href":"https:\/\/imagineformargo.org\/en\/wp-json\/wp\/v2\/media?parent=31440"}],"curies":[{"name":"wp","href":"https:\/\/api.w.org\/{rel}","templated":true}]}}