{"id":31445,"date":"2024-07-10T15:45:56","date_gmt":"2024-07-10T13:45:56","guid":{"rendered":"https:\/\/imagineformargo.org\/?page_id=31445"},"modified":"2024-07-10T15:45:56","modified_gmt":"2024-07-10T13:45:56","slug":"essai-asidna-sur-les-gliomes-de-haut-grade","status":"publish","type":"page","link":"https:\/\/imagineformargo.org\/en\/essai-asidna-sur-les-gliomes-de-haut-grade\/","title":{"rendered":"Essai AsiDNA sur les gliomes de haut grade"},"content":{"rendered":"<p><strong><img loading=\"lazy\" decoding=\"async\" class=\"wp-image-11664 alignleft\" src=\"https:\/\/imagineformargo.org\/wp-content\/uploads\/RECHERCHE.png\" alt=\"RECHERCHE\" width=\"200\" height=\"200\" srcset=\"https:\/\/imagineformargo.org\/wp-content\/uploads\/RECHERCHE.png 2421w, https:\/\/imagineformargo.org\/wp-content\/uploads\/RECHERCHE-768x768.png 768w\" sizes=\"auto, (max-width: 200px) 100vw, 200px\" \/><\/strong><span style=\"color: #11a2dd\"><strong>ESSAI CLINIQUE SUR LES GLIOMES DE HAUT GRADE<\/strong><\/span><\/p>\n<p><em>A Phase Ib\/II study of AsiDNA&#x2122; in association with re-irradiation in paediatric high-grade glioma<\/em><\/p>\n<p><em>This trial is co-funded by the Enfants sans Cancer 2020 race and was selected following the Fight Kids Cancer call for projects that we launched in January 2020. <a href=\"https:\/\/imagineformargo.org\/fightkidscancersixprogrammexderecherchedepointeselectionnes\/\">Learn more<\/a><\/em><\/p>\n<p>&nbsp;<\/p>\n<p><strong>About High-Grade Gliomas<\/strong><\/p>\n<p>Pediatric brain tumors are the leading cause of cancer-related mortality in children. Diffuse midline gliomas are the most common and severe form of malignant gliomas in children and adolescents (between 50 and 100 new cases are expected each year in France). Most affected children die within two years of diagnosis.<\/p>\n<p>Unfortunately, for high-grade gliomas, surgery is often impossible, and radiotherapy remains the standard treatment. This therapy is supposed to cause significant damage to tumor DNA, leading to cancer cell death by apoptosis. However, DNA repair mechanisms exist and mitigate the effects of radiotherapy.<\/p>\n<p>Learn more about gliomas: <a href=\"https:\/\/imagineformargo.org\/quest-ce-qu-un-gliome\/\" target=\"_blank\" rel=\"noopener\">link<\/a><\/p>\n<p>&nbsp;<\/p>\n<p><strong>About AsiDNA<\/strong><\/p>\n<p><em>Phase 1b\/2 Study of AsiDNA in Combination with Re-irradiation for Children with High-Grade Gliomas<\/em><\/p>\n<p>This trial aims to study the efficacy and toxicity of a new drug, AsiDNA, against pediatric high-grade gliomas. This molecule is believed to inhibit the tumor cells&#8217; ability to repair their DNA after radiotherapy sessions. AsiDNA consists of DNA fragments that trick the tumor cell into thinking its genome is much more damaged than it actually is. This molecule was given in combination with re-irradiation sessions to enhance the tumor cell death process induced by their inability to repair their DNA.<\/p>\n<p>The Institut Curie was the first center to open and welcome the first patient (May 27, 2022). By March 2023, 8 patients had been enrolled. Despite this new treatment and re-irradiation, the disease unfortunately continued to progress in these 8 patients, and their biological parameters did not improve. It was thus decided in July 2023 to stop the trial. A final report and publication are expected in 2024. Additionally, the manufacturer has ceased production of this compound and is currently developing a new pharmacologically more active form, which is hoped to be more effective.<\/p>\n<p>&nbsp;<\/p>\n<p><strong>AsiDNA Project Summary<\/strong><\/p>\n<ul>\n<li><strong>Coordinating Investigators:<\/strong> Drs. Fran\u00e7ois Doz and Fouzia Azzouz<\/li>\n<li><strong>Program Duration:<\/strong> January 2021 &#8211; January 2024<\/li>\n<li><strong>Recruitment:<\/strong> 8 patients<\/li>\n<li><strong>Countries Involved:<\/strong> France, Italy, Netherlands, Germany<\/li>\n<li><strong>Funding:<\/strong> Fight Kids Cancer: \u20ac406,000, including funding from Imagine for Margo: \u20ac252,760<\/li>\n<\/ul>\n<p><img loading=\"lazy\" decoding=\"async\" class=\" wp-image-11855 alignleft\" src=\"https:\/\/imagineformargo.org\/wp-content\/uploads\/ITCC-50x50.png\" alt=\"\" width=\"87\" height=\"87\" \/><img loading=\"lazy\" decoding=\"async\" class=\"alignnone wp-image-23149\" src=\"https:\/\/imagineformargo.org\/wp-content\/uploads\/logo_institut_curie-792x800.jpg\" alt=\"\" width=\"83\" height=\"84\" srcset=\"https:\/\/imagineformargo.org\/wp-content\/uploads\/logo_institut_curie-792x800.jpg 792w, https:\/\/imagineformargo.org\/wp-content\/uploads\/logo_institut_curie-990x1000.jpg 990w, https:\/\/imagineformargo.org\/wp-content\/uploads\/logo_institut_curie-50x50.jpg 50w, https:\/\/imagineformargo.org\/wp-content\/uploads\/logo_institut_curie-768x776.jpg 768w, https:\/\/imagineformargo.org\/wp-content\/uploads\/logo_institut_curie-1520x1536.jpg 1520w, https:\/\/imagineformargo.org\/wp-content\/uploads\/logo_institut_curie-2027x2048.jpg 2027w, https:\/\/imagineformargo.org\/wp-content\/uploads\/logo_institut_curie-215x215.jpg 215w, https:\/\/imagineformargo.org\/wp-content\/uploads\/logo_institut_curie-170x170.jpg 170w, https:\/\/imagineformargo.org\/wp-content\/uploads\/logo_institut_curie-130x130.jpg 130w, https:\/\/imagineformargo.org\/wp-content\/uploads\/logo_institut_curie-65x65.jpg 65w, https:\/\/imagineformargo.org\/wp-content\/uploads\/logo_institut_curie-150x150.jpg 150w, https:\/\/imagineformargo.org\/wp-content\/uploads\/logo_institut_curie-99x100.jpg 99w, https:\/\/imagineformargo.org\/wp-content\/uploads\/logo_institut_curie-360x360.jpg 360w, https:\/\/imagineformargo.org\/wp-content\/uploads\/logo_institut_curie-400x404.jpg 400w\" sizes=\"auto, (max-width: 83px) 100vw, 83px\" \/><\/p>\n<div class=\"media--video-embed\"><div class=\"media--video-embed\"><iframe loading=\"lazy\" title=\"Le Professeur Fran\u00e7ois Doz explique le programme de recherche AsiDNA\" width=\"500\" height=\"375\" src=\"https:\/\/www.youtube.com\/embed\/u90M5gu9s5s?feature=oembed\" frameborder=\"0\" allow=\"accelerometer; autoplay; clipboard-write; encrypted-media; gyroscope; picture-in-picture; web-share\" referrerpolicy=\"strict-origin-when-cross-origin\" allowfullscreen><\/iframe><\/div><\/div>\n<p>&nbsp;<\/p>\n<h3 style=\"text-align: center\"><a href=\"https:\/\/imagineformargo.org\/la-recherche\/\"><strong>D\u00e9couvrez les autres essais que nous co-finan\u00e7ons pour acc\u00e9l\u00e9rer la recherche contre le cancer des enfants.<\/strong><\/a><\/h3>\n<p>&nbsp;<\/p>\n","protected":false},"excerpt":{"rendered":"<p>ESSAI CLINIQUE SUR LES GLIOMES DE HAUT GRADE A Phase Ib\/II study of AsiDNA&#x2122; in association with re-irradiation in paediatric high-grade glioma This trial is co-funded by the Enfants sans Cancer 2020 race and was selected following the Fight Kids Cancer call for projects that we launched in January 2020. Learn more &nbsp; About High-Grade [&hellip;]<\/p>\n","protected":false},"author":20,"featured_media":0,"parent":0,"menu_order":0,"comment_status":"closed","ping_status":"closed","template":"","meta":{"_acf_changed":false,"footnotes":""},"class_list":["post-31445","page","type-page","status-publish","hentry"],"acf":[],"yoast_head":"<!-- This site is optimized with the Yoast SEO plugin v27.2 - https:\/\/yoast.com\/product\/yoast-seo-wordpress\/ -->\n<title>Essai AsiDNA sur les gliomes de haut grade - Imagine for Margo<\/title>\n<meta name=\"robots\" content=\"index, follow, max-snippet:-1, max-image-preview:large, max-video-preview:-1\" \/>\n<link rel=\"canonical\" href=\"https:\/\/imagineformargo.org\/en\/essai-asidna-sur-les-gliomes-de-haut-grade\/\" \/>\n<meta property=\"og:locale\" content=\"en_US\" \/>\n<meta property=\"og:type\" content=\"article\" \/>\n<meta property=\"og:title\" content=\"Essai AsiDNA sur les gliomes de haut grade - Imagine for Margo\" \/>\n<meta property=\"og:description\" content=\"ESSAI CLINIQUE SUR LES GLIOMES DE HAUT GRADE A Phase Ib\/II study of AsiDNA&#x2122; in association with re-irradiation in paediatric high-grade glioma This trial is co-funded by the Enfants sans Cancer 2020 race and was selected following the Fight Kids Cancer call for projects that we launched in January 2020. Learn more &nbsp; About High-Grade [&hellip;]\" \/>\n<meta property=\"og:url\" content=\"https:\/\/imagineformargo.org\/en\/essai-asidna-sur-les-gliomes-de-haut-grade\/\" \/>\n<meta property=\"og:site_name\" content=\"Imagine for Margo\" \/>\n<meta property=\"article:publisher\" content=\"https:\/\/www.facebook.com\/imagine.for.margo\/\" \/>\n<meta property=\"og:image\" content=\"https:\/\/imagineformargo.org\/wp-content\/uploads\/RECHERCHE.png\" \/>\n<meta name=\"twitter:card\" content=\"summary_large_image\" \/>\n<meta name=\"twitter:site\" content=\"@ImagineforMargo\" \/>\n<meta name=\"twitter:label1\" content=\"Est. reading time\" \/>\n\t<meta name=\"twitter:data1\" content=\"3 minutes\" \/>\n<script type=\"application\/ld+json\" class=\"yoast-schema-graph\">{\"@context\":\"https:\/\/schema.org\",\"@graph\":[{\"@type\":\"WebPage\",\"@id\":\"https:\/\/imagineformargo.org\/en\/essai-asidna-sur-les-gliomes-de-haut-grade\/\",\"url\":\"https:\/\/imagineformargo.org\/en\/essai-asidna-sur-les-gliomes-de-haut-grade\/\",\"name\":\"Essai AsiDNA sur les gliomes de haut grade - Imagine for Margo\",\"isPartOf\":{\"@id\":\"https:\/\/imagineformargo.org\/#website\"},\"primaryImageOfPage\":{\"@id\":\"https:\/\/imagineformargo.org\/en\/essai-asidna-sur-les-gliomes-de-haut-grade\/#primaryimage\"},\"image\":{\"@id\":\"https:\/\/imagineformargo.org\/en\/essai-asidna-sur-les-gliomes-de-haut-grade\/#primaryimage\"},\"thumbnailUrl\":\"https:\/\/imagineformargo.org\/wp-content\/uploads\/RECHERCHE.png\",\"datePublished\":\"2024-07-10T13:45:56+00:00\",\"breadcrumb\":{\"@id\":\"https:\/\/imagineformargo.org\/en\/essai-asidna-sur-les-gliomes-de-haut-grade\/#breadcrumb\"},\"inLanguage\":\"en-US\",\"potentialAction\":[{\"@type\":\"ReadAction\",\"target\":[\"https:\/\/imagineformargo.org\/en\/essai-asidna-sur-les-gliomes-de-haut-grade\/\"]}]},{\"@type\":\"ImageObject\",\"inLanguage\":\"en-US\",\"@id\":\"https:\/\/imagineformargo.org\/en\/essai-asidna-sur-les-gliomes-de-haut-grade\/#primaryimage\",\"url\":\"https:\/\/imagineformargo.org\/wp-content\/uploads\/RECHERCHE.png\",\"contentUrl\":\"https:\/\/imagineformargo.org\/wp-content\/uploads\/RECHERCHE.png\"},{\"@type\":\"BreadcrumbList\",\"@id\":\"https:\/\/imagineformargo.org\/en\/essai-asidna-sur-les-gliomes-de-haut-grade\/#breadcrumb\",\"itemListElement\":[{\"@type\":\"ListItem\",\"position\":1,\"name\":\"Accueil\",\"item\":\"https:\/\/imagineformargo.org\/en\/\"},{\"@type\":\"ListItem\",\"position\":2,\"name\":\"Essai AsiDNA sur les gliomes de haut grade\"}]},{\"@type\":\"WebSite\",\"@id\":\"https:\/\/imagineformargo.org\/#website\",\"url\":\"https:\/\/imagineformargo.org\/\",\"name\":\"Imagine for Margo\",\"description\":\"Children without Cancer\",\"publisher\":{\"@id\":\"https:\/\/imagineformargo.org\/#organization\"},\"potentialAction\":[{\"@type\":\"SearchAction\",\"target\":{\"@type\":\"EntryPoint\",\"urlTemplate\":\"https:\/\/imagineformargo.org\/?s={search_term_string}\"},\"query-input\":{\"@type\":\"PropertyValueSpecification\",\"valueRequired\":true,\"valueName\":\"search_term_string\"}}],\"inLanguage\":\"en-US\"},{\"@type\":\"Organization\",\"@id\":\"https:\/\/imagineformargo.org\/#organization\",\"name\":\"Imagine for Margo\",\"url\":\"https:\/\/imagineformargo.org\/\",\"logo\":{\"@type\":\"ImageObject\",\"inLanguage\":\"en-US\",\"@id\":\"https:\/\/imagineformargo.org\/#\/schema\/logo\/image\/\",\"url\":\"https:\/\/imagineformargo.org\/wp-content\/uploads\/logo-imagine-for-margo-long.png\",\"contentUrl\":\"https:\/\/imagineformargo.org\/wp-content\/uploads\/logo-imagine-for-margo-long.png\",\"width\":1911,\"height\":623,\"caption\":\"Imagine for Margo\"},\"image\":{\"@id\":\"https:\/\/imagineformargo.org\/#\/schema\/logo\/image\/\"},\"sameAs\":[\"https:\/\/www.facebook.com\/imagine.for.margo\/\",\"https:\/\/x.com\/ImagineforMargo\",\"https:\/\/www.instagram.com\/imagineformargo_officiel\/\",\"https:\/\/www.linkedin.com\/company\/imagine-for-margo\/\",\"https:\/\/www.youtube.com\/@imagineformargo2352\",\"https:\/\/www.tiktok.com\/@imagine_for_margo\"]}]}<\/script>\n<!-- \/ Yoast SEO plugin. -->","yoast_head_json":{"title":"Essai AsiDNA sur les gliomes de haut grade - Imagine for Margo","robots":{"index":"index","follow":"follow","max-snippet":"max-snippet:-1","max-image-preview":"max-image-preview:large","max-video-preview":"max-video-preview:-1"},"canonical":"https:\/\/imagineformargo.org\/en\/essai-asidna-sur-les-gliomes-de-haut-grade\/","og_locale":"en_US","og_type":"article","og_title":"Essai AsiDNA sur les gliomes de haut grade - Imagine for Margo","og_description":"ESSAI CLINIQUE SUR LES GLIOMES DE HAUT GRADE A Phase Ib\/II study of AsiDNA&#x2122; in association with re-irradiation in paediatric high-grade glioma This trial is co-funded by the Enfants sans Cancer 2020 race and was selected following the Fight Kids Cancer call for projects that we launched in January 2020. Learn more &nbsp; About High-Grade [&hellip;]","og_url":"https:\/\/imagineformargo.org\/en\/essai-asidna-sur-les-gliomes-de-haut-grade\/","og_site_name":"Imagine for Margo","article_publisher":"https:\/\/www.facebook.com\/imagine.for.margo\/","og_image":[{"url":"https:\/\/imagineformargo.org\/wp-content\/uploads\/RECHERCHE.png","type":"","width":"","height":""}],"twitter_card":"summary_large_image","twitter_site":"@ImagineforMargo","twitter_misc":{"Est. reading time":"3 minutes"},"schema":{"@context":"https:\/\/schema.org","@graph":[{"@type":"WebPage","@id":"https:\/\/imagineformargo.org\/en\/essai-asidna-sur-les-gliomes-de-haut-grade\/","url":"https:\/\/imagineformargo.org\/en\/essai-asidna-sur-les-gliomes-de-haut-grade\/","name":"Essai AsiDNA sur les gliomes de haut grade - Imagine for Margo","isPartOf":{"@id":"https:\/\/imagineformargo.org\/#website"},"primaryImageOfPage":{"@id":"https:\/\/imagineformargo.org\/en\/essai-asidna-sur-les-gliomes-de-haut-grade\/#primaryimage"},"image":{"@id":"https:\/\/imagineformargo.org\/en\/essai-asidna-sur-les-gliomes-de-haut-grade\/#primaryimage"},"thumbnailUrl":"https:\/\/imagineformargo.org\/wp-content\/uploads\/RECHERCHE.png","datePublished":"2024-07-10T13:45:56+00:00","breadcrumb":{"@id":"https:\/\/imagineformargo.org\/en\/essai-asidna-sur-les-gliomes-de-haut-grade\/#breadcrumb"},"inLanguage":"en-US","potentialAction":[{"@type":"ReadAction","target":["https:\/\/imagineformargo.org\/en\/essai-asidna-sur-les-gliomes-de-haut-grade\/"]}]},{"@type":"ImageObject","inLanguage":"en-US","@id":"https:\/\/imagineformargo.org\/en\/essai-asidna-sur-les-gliomes-de-haut-grade\/#primaryimage","url":"https:\/\/imagineformargo.org\/wp-content\/uploads\/RECHERCHE.png","contentUrl":"https:\/\/imagineformargo.org\/wp-content\/uploads\/RECHERCHE.png"},{"@type":"BreadcrumbList","@id":"https:\/\/imagineformargo.org\/en\/essai-asidna-sur-les-gliomes-de-haut-grade\/#breadcrumb","itemListElement":[{"@type":"ListItem","position":1,"name":"Accueil","item":"https:\/\/imagineformargo.org\/en\/"},{"@type":"ListItem","position":2,"name":"Essai AsiDNA sur les gliomes de haut grade"}]},{"@type":"WebSite","@id":"https:\/\/imagineformargo.org\/#website","url":"https:\/\/imagineformargo.org\/","name":"Imagine for Margo","description":"Children without Cancer","publisher":{"@id":"https:\/\/imagineformargo.org\/#organization"},"potentialAction":[{"@type":"SearchAction","target":{"@type":"EntryPoint","urlTemplate":"https:\/\/imagineformargo.org\/?s={search_term_string}"},"query-input":{"@type":"PropertyValueSpecification","valueRequired":true,"valueName":"search_term_string"}}],"inLanguage":"en-US"},{"@type":"Organization","@id":"https:\/\/imagineformargo.org\/#organization","name":"Imagine for Margo","url":"https:\/\/imagineformargo.org\/","logo":{"@type":"ImageObject","inLanguage":"en-US","@id":"https:\/\/imagineformargo.org\/#\/schema\/logo\/image\/","url":"https:\/\/imagineformargo.org\/wp-content\/uploads\/logo-imagine-for-margo-long.png","contentUrl":"https:\/\/imagineformargo.org\/wp-content\/uploads\/logo-imagine-for-margo-long.png","width":1911,"height":623,"caption":"Imagine for Margo"},"image":{"@id":"https:\/\/imagineformargo.org\/#\/schema\/logo\/image\/"},"sameAs":["https:\/\/www.facebook.com\/imagine.for.margo\/","https:\/\/x.com\/ImagineforMargo","https:\/\/www.instagram.com\/imagineformargo_officiel\/","https:\/\/www.linkedin.com\/company\/imagine-for-margo\/","https:\/\/www.youtube.com\/@imagineformargo2352","https:\/\/www.tiktok.com\/@imagine_for_margo"]}]}},"_links":{"self":[{"href":"https:\/\/imagineformargo.org\/en\/wp-json\/wp\/v2\/pages\/31445","targetHints":{"allow":["GET"]}}],"collection":[{"href":"https:\/\/imagineformargo.org\/en\/wp-json\/wp\/v2\/pages"}],"about":[{"href":"https:\/\/imagineformargo.org\/en\/wp-json\/wp\/v2\/types\/page"}],"author":[{"embeddable":true,"href":"https:\/\/imagineformargo.org\/en\/wp-json\/wp\/v2\/users\/20"}],"replies":[{"embeddable":true,"href":"https:\/\/imagineformargo.org\/en\/wp-json\/wp\/v2\/comments?post=31445"}],"version-history":[{"count":1,"href":"https:\/\/imagineformargo.org\/en\/wp-json\/wp\/v2\/pages\/31445\/revisions"}],"predecessor-version":[{"id":31446,"href":"https:\/\/imagineformargo.org\/en\/wp-json\/wp\/v2\/pages\/31445\/revisions\/31446"}],"wp:attachment":[{"href":"https:\/\/imagineformargo.org\/en\/wp-json\/wp\/v2\/media?parent=31445"}],"curies":[{"name":"wp","href":"https:\/\/api.w.org\/{rel}","templated":true}]}}